{"id":1233,"date":"2015-06-05T10:55:45","date_gmt":"2015-06-05T10:55:45","guid":{"rendered":"http:\/\/blessing.ancorathemes.com\/?page_id=1233"},"modified":"2026-01-27T20:41:37","modified_gmt":"2026-01-27T19:41:37","slug":"remerciements","status":"publish","type":"page","link":"https:\/\/delormel-pompes-funebres-marbrerie.com\/en\/remerciements\/","title":{"rendered":"Remerciements"},"content":{"rendered":"<div class=\"wpb-content-wrapper\"><div class=\"vc_row wpb_row vc_row-fluid\"><div class=\"wpb_column vc_column_container vc_col-sm-12\"><div class=\"vc_column-inner\"><div class=\"wpb_wrapper\"><h2 class=\"sc_title sc_title_regular sc_align_center fig_border\" style=\"margin-top:1.7em;text-align:center;\"><span style=\"color: #ff6600;\">Remerciements<\/span><\/h2><div id=\"sc_testimonials_749742971\" class=\"sc_testimonials sc_slider_swiper swiper-slider-container sc_slider_nopagination sc_slider_controls sc_slider_height_auto\" data-interval=\"9364\" style=\"width:100%;\"><div class=\"slides swiper-wrapper\"><div class=\"swiper-slide\" data-style=\"width:100%;\" style=\"width:100%;\"><div class=\"sc_testimonial_item\"><div class=\"sc_testimonial_content\"><br \/>\n<span style=\"color: #000000;\">\u00ab\u00a0Ma famille et moi souhaitons vous remercier pour votre intervention pour les obs\u00e8ques de mon p\u00e8re. Tout \u00e9tait parfait de la pr\u00e9paration \u00e0 l&rsquo;ex\u00e9cution. Remerciez pour nous l&rsquo;ensemble de l&rsquo;\u00e9quipe.\u00a0\u00bb<\/span>\u00a0<span style=\"color: #ff6600;\"><em>Mme Joly<\/em><\/span><\/div><\/div><\/div><div class=\"swiper-slide\" data-style=\"width:100%;\" style=\"width:100%;\"><div class=\"sc_testimonial_item\"><div class=\"sc_testimonial_content\"><br \/>\n<span style=\"color: #000000;\">\u00ab\u00a0Avec tous mes remerciements pour le s\u00e9rieux de votre \u00e9tablissement.\u00a0\u00bb <\/span><span style=\"color: #ff6600;\"><em>Jean-Pierre Henniet<\/em><\/span><\/div><\/div><\/div><div class=\"swiper-slide\" data-style=\"width:100%;\" style=\"width:100%;\"><div class=\"sc_testimonial_item\"><div class=\"sc_testimonial_content\"><br \/>\n<span style=\"color: #000000;\">\u00ab\u00a0Avec nos plus vifs remerciements \u00e0 vous et l&rsquo;ensemble de votre \u00e9quipe.\u00a0\u00bb<\/span>\u00a0<span style=\"color: #ff6600;\"><em>Fran\u00e7oise Caron et ses enfants<\/em><\/span><\/div><\/div><\/div><div class=\"swiper-slide\" data-style=\"width:100%;\" style=\"width:100%;\"><div class=\"sc_testimonial_item\"><div class=\"sc_testimonial_content\"><br \/>\n<span style=\"color: #000000;\">\u00ab\u00a0Merci. Nous sommes profond\u00e9ment reconnaissants et touch\u00e9s par les preuves d&rsquo;amiti\u00e9 et de solidarit\u00e9 re\u00e7ues pendant cette p\u00e9riode difficile, et la qualit\u00e9 de votre service.\u00a0\u00bb<\/span>\u00a0<span style=\"color: #ff6600;\"><em>Famille D.<\/em><\/span><\/div><\/div><\/div><div class=\"swiper-slide\" data-style=\"width:100%;\" style=\"width:100%;\"><div class=\"sc_testimonial_item\"><div class=\"sc_testimonial_content\"><br \/>\n<span style=\"color: #000000;\">\u00ab\u00a0Merci \u00e0 vous pour ses remarquables obs\u00e8ques.\u00a0\u00bb<\/span>\u00a0<span style=\"color: #ff6600;\"><em>Famille Damelincourt<\/em><\/span><\/div><\/div><\/div><div class=\"swiper-slide\" data-style=\"width:100%;\" style=\"width:100%;\"><div class=\"sc_testimonial_item\"><div class=\"sc_testimonial_content\"><br \/>\n<span style=\"color: #000000;\">\u00ab\u00a0Merci pour vos condol\u00e9ances et votre professionnalisme lors de notre deuil.\u00a0\u00bb<\/span>\u00a0<span style=\"color: #ff6600;\"><em>Famille Charion<\/em><\/span><\/div><\/div><\/div><div class=\"swiper-slide\" data-style=\"width:100%;\" style=\"width:100%;\"><div class=\"sc_testimonial_item\"><div class=\"sc_testimonial_content\"><br \/>\n<span style=\"color: #000000;\">\u00ab\u00a0Nous vous remercions de votre organisation et de votre soutien lors de l&rsquo;inhumation de Yann. Bien cordialement.\u00a0\u00bb<\/span>\u00a0<span style=\"color: #ff6600;\"><em>Famille Jumel<\/em><\/span><\/div><\/div><\/div><div class=\"swiper-slide\" data-style=\"width:100%;\" style=\"width:100%;\"><div class=\"sc_testimonial_item\"><div class=\"sc_testimonial_content\"><br \/>\n<span style=\"color: #000000;\">\u00ab\u00a0Un grand merci pour ce superbe service. Vous et votre \u00e9quipe avez \u00e9t\u00e9 formidables.\u00a0\u00bb<\/span>\u00a0<span style=\"color: #ff6600;\"><em>Famille Deneux<\/em><\/span><\/div><\/div><\/div><div class=\"swiper-slide\" data-style=\"width:100%;\" style=\"width:100%;\"><div class=\"sc_testimonial_item\"><div class=\"sc_testimonial_content\"><br \/>\n<span style=\"color: #000000;\">\u00ab\u00a0Nous vous remercions chaleureusement pour votre pr\u00e9sence \u00e0 nos cot\u00e9s dans cette douloureuse \u00e9preuve. Un grand merci.\u00a0\u00bb<\/span> <span style=\"color: #ff6600;\"><em>Didier Rumeau<\/em><\/span><\/div><\/div><\/div><div class=\"swiper-slide\" data-style=\"width:100%;\" style=\"width:100%;\"><div class=\"sc_testimonial_item\"><div class=\"sc_testimonial_content\"><br \/>\n<span style=\"color: #000000;\">\u00ab\u00a0Merci pour votre s\u00e9rieux, votre \u00e9coute et votre \u00e9quipe au top.\u00a0\u00bb<\/span> <span style=\"color: #ff6600;\"><em>Famille Duchatelet<\/em><\/span><\/div><\/div><\/div><div class=\"swiper-slide\" data-style=\"width:100%;\" style=\"width:100%;\"><div class=\"sc_testimonial_item\"><div class=\"sc_testimonial_content\"><br \/>\n<span style=\"color: #000000;\">\u00ab\u00a0M. Delormel, je vous remercie pour votre professionnalisme ainsi que pour l&rsquo;attention et la bienveillance dont vous avez fait preuve \u00e0 mon \u00e9gard lors des obs\u00e8ques de mon papa.\u00a0\u00bb<\/span> <span style=\"color: #ff6600;\"><em>Victoria Robart<\/em><\/span><\/div><\/div><\/div><div class=\"swiper-slide\" data-style=\"width:100%;\" style=\"width:100%;\"><div class=\"sc_testimonial_item\"><div class=\"sc_testimonial_content\"><br \/>\n<span style=\"color: #000000;\">\u00ab\u00a0Nous avons \u00e9t\u00e9 tr\u00e8s touch\u00e9s par votre soutien dans ces moments douloureux. Nous vous remercions de votre pr\u00e9sence et vous prions de croire en nos remerciements chaleureux.\u00a0\u00bb<\/span> <span style=\"color: #ff6600;\"><em>Famille Roeckhout<\/em><\/span><\/div><\/div><\/div><div class=\"swiper-slide\" data-style=\"width:100%;\" style=\"width:100%;\"><div class=\"sc_testimonial_item\"><div class=\"sc_testimonial_content\"><br \/>\n<span style=\"color: #000000;\">\u00ab\u00a0Merci pour votre soutien et r\u00e9confort. Merci pour la c\u00e9r\u00e9monie.\u00a0\u00bb<\/span> <span style=\"color: #ff6600;\"><em>M. et Mme Medelen<\/em><\/span><\/div><\/div><\/div><div class=\"swiper-slide\" data-style=\"width:100%;\" style=\"width:100%;\"><div class=\"sc_testimonial_item\"><div class=\"sc_testimonial_content\"><br \/>\n<span style=\"color: #000000;\">\u00ab\u00a0Un grand merci et toute notre reconnaissance \u00e0 Mme et M. Delormel pour leur accueil, leur \u00e9coute, leur bienveillance et leurs pr\u00e9cieux conseils dans ces moments douloureux. L&rsquo;accompagnement g\u00e9r\u00e9 par M. Delormel fils et toute l&rsquo; \u00e9quipe lors des obs\u00e8ques de mon fr\u00e8re a \u00e9t\u00e9 de la m\u00eame qualit\u00e9, pleine d&rsquo;attention et de d\u00e9licatesse.\u00a0\u00bb<\/span> <span style=\"color: #ff6600;\"><em>Jocelyne Masschelein<\/em><\/span><\/div><\/div><\/div><div class=\"swiper-slide\" data-style=\"width:100%;\" style=\"width:100%;\"><div class=\"sc_testimonial_item\"><div class=\"sc_testimonial_content\"><br \/>\n<span style=\"color: #000000;\">\u00ab\u00a0Merci pour les photos qui me permettent de faire mon deuil, bien que je l&rsquo;ai vu sur son lit \u00e0 l&rsquo;h\u00f4pital apr\u00e8s son d\u00e9c\u00e8s. Mon fr\u00e8re et moi tenons \u00e0 vous remercier pour l&rsquo;extr\u00eame d\u00e9licatesse et attention que vous avez port\u00e9es \u00e0 notre Oncle.\u00a0\u00bb<\/span> <span style=\"color: #ff6600;\"><em>Noele Dadier<\/em><\/span><\/div><\/div><\/div><div class=\"swiper-slide\" data-style=\"width:100%;\" style=\"width:100%;\"><div class=\"sc_testimonial_item\"><div class=\"sc_testimonial_content\"><br \/>\n<span style=\"color: #000000;\">\u00ab\u00a0Je tenais \u00e0 vous remercier tr\u00e8s sinc\u00e8rement pour votre accompagnement tout au long de cette journ\u00e9e. Vous avez su nous accueillir de la meilleure des mani\u00e8res ce matin au salon fun\u00e9raire, vous nous avez apport\u00e9 des pr\u00e9cisions sur les conditions dans lesquelles vous avez pris en charge mon fr\u00e8re. Vous avez su trouver les mots pour accompagner mes parents et mon petit fr\u00e8re et moi dans cette \u00e9preuve. Un tr\u00e8s grand professionnalisme de l&rsquo;accueil de ce matin au salon fun\u00e9raire jusqu&rsquo;\u00e0 la mise en place des fleurs et plaques. Encore un grand merci \u00e0 vous.\u00a0\u00bb<\/span> <span style=\"color: #ff6600;\"><em>Ang\u00e9lique Leneutre<\/em><\/span><\/div><\/div><\/div><div class=\"swiper-slide\" data-style=\"width:100%;\" style=\"width:100%;\"><div class=\"sc_testimonial_item\"><div class=\"sc_testimonial_content\"><br \/>\n<span style=\"color: #000000;\">\u00ab\u00a0Tr\u00e8s touch\u00e9s par votre t\u00e9moignage de sympathie, nous vous remercions tr\u00e8s sinc\u00e8rement d&rsquo;avoir pris soin de notre fils, de lui avoir redonn\u00e9 un beau visage. Vous avez fait en sorte que nous puissions le voir une derni\u00e8re fois et lui dire au revoir pour toujours. Un grand merci aussi pour votre accompagnement tout au long de la c\u00e9r\u00e9monie qui a \u00e9t\u00e9 \u00e0 la hauteur de ce qu&rsquo;on imaginait. Tr\u00e8s sinc\u00e8rement un grand merci \u00e0 la direction et \u00e0 votre personnel qui a fait un travail irr\u00e9prochable.\u00a0\u00bb<\/span> <span style=\"color: #ff6600;\"><em>M. et Mme Leneutre<\/em><\/span><\/div><\/div><\/div><div class=\"swiper-slide\" data-style=\"width:100%;\" style=\"width:100%;\"><div class=\"sc_testimonial_item\"><div class=\"sc_testimonial_content\"><br \/>\n<span style=\"color: #000000;\">\u00ab\u00a0Un grand merci chers amis pour votre soutien, votre pri\u00e8re<br \/>\net votre service pour le d\u00e9part de mon \u00e9pouse, ainsi qu&rsquo;\u00e0 toute votre \u00e9quipe. Avec toute mon amiti\u00e9.\u00a0\u00bb<\/span> <span style=\"color: #ff6600;\"><em>Jacques D&rsquo;Hayer<\/em><\/span><\/div><\/div><\/div><div class=\"swiper-slide\" data-style=\"width:100%;\" style=\"width:100%;\"><div class=\"sc_testimonial_item\"><div class=\"sc_testimonial_content\"><br \/>\n<span style=\"color: #000000;\">\u00ab\u00a0Nous adressons tous nos remerciements \u00e0 toute l&rsquo;\u00e9quipe, direction et personnel des pompes fun\u00e8bres Delormel pour leur soutien, leur \u00e9coute, leurs conseils et la qualit\u00e9 de leur accompagnement lors du d\u00e9c\u00e8s et des obs\u00e8ques de notre oncle et beau fr\u00e8re, Monsieur Jean-Claude Boitrelle.\u00a0\u00bb<\/span> <span style=\"color: #ff6600;\"><em>Fran\u00e7ois-Fabrice et Val\u00e9rie Tallon<\/em><\/span><\/div><\/div><\/div><div class=\"swiper-slide\" data-style=\"width:100%;\" style=\"width:100%;\"><div class=\"sc_testimonial_item\"><div class=\"sc_testimonial_content\"><br \/>\n<span style=\"color: #000000;\">\u00ab\u00a0Merci d&rsquo;avoir rendu un si bel hommage \u00e0 M. Bernard Merlin.\u00a0\u00bb <\/span> <span style=\"color: #ff6600;\"><em>Famille Merlin<\/em><\/span><\/div><\/div><\/div><div class=\"swiper-slide\" data-style=\"width:100%;\" style=\"width:100%;\"><div class=\"sc_testimonial_item\"><div class=\"sc_testimonial_content\"><br \/>\n<span style=\"color: #000000;\">\u00ab\u00a0Accueil chaleureux, c\u00e9r\u00e9monie impeccable, un grand merci \u00e0 votre fils Hugo pour son petit discours. Travail tr\u00e8s professionnel, le monument est superbe.\u00a0\u00bb<\/span> <span style=\"color: #ff6600;\"><em>Famille Lorain<\/em><\/span><\/div><\/div><\/div><div class=\"swiper-slide\" data-style=\"width:100%;\" style=\"width:100%;\"><div class=\"sc_testimonial_item\"><div class=\"sc_testimonial_content\"><br \/>\n<span style=\"color: #000000;\">\u00ab\u00a0Toute la famille de M. Fernandez vous remercie de votre professionnalisme, de votre bienveillance et de votre empathie \u00e0 notre \u00e9gard dans ce triste et douloureux moment.\u00a0\u00bb<\/span> <span style=\"color: #ff6600;\"><em>Famille Fernandez<\/em><\/span><\/div><\/div><\/div><div class=\"swiper-slide\" data-style=\"width:100%;\" style=\"width:100%;\"><div class=\"sc_testimonial_item\"><div class=\"sc_testimonial_content\"><br \/>\n<span style=\"color: #000000;\">\u00ab\u00a0Merci pour tout Hugo, mon papa \u00e9tait beau, vous en avez pris grand soin. Votre professionnalisme est exemplaire, mille mercis.\u00a0\u00bb<\/span> <span style=\"color: #ff6600;\"><em>Nathalie et Ana\u00efs Minart<\/em><\/span><\/div><\/div><\/div><div class=\"swiper-slide\" data-style=\"width:100%;\" style=\"width:100%;\"><div class=\"sc_testimonial_item\"><div class=\"sc_testimonial_content\"><br \/>\n<span style=\"color: #000000;\">\u00ab\u00a0Encore merci pour l&rsquo;attention que vous nous avez port\u00e9s pour la disparition d&rsquo;Andr\u00e9. Cordialement\u00a0\u00bb<\/span> <span style=\"color: #ff6600;\"><em>Mme Draux<\/em><\/span><\/div><\/div><\/div><div class=\"swiper-slide\" data-style=\"width:100%;\" style=\"width:100%;\"><div class=\"sc_testimonial_item\"><div class=\"sc_testimonial_content\"><br \/>\n<span style=\"color: #000000;\">\u00ab\u00a0Nous vous remercions pour la c\u00e9r\u00e9monie \u00e0 l&rsquo;\u00e9glise et au cimeti\u00e8re pour notre maman. Merci \u00e0 votre personnel et \u00e0 M. Delormel fils.\u00a0\u00bb<\/span> <span style=\"color: #ff6600;\"><em>Les enfants et petits-enfants de Mme Lucas Nelly<\/em><\/span><\/div><\/div><\/div><div class=\"swiper-slide\" data-style=\"width:100%;\" style=\"width:100%;\"><div class=\"sc_testimonial_item\"><div class=\"sc_testimonial_content\"><br \/>\n<span style=\"color: #000000;\">\u00ab\u00a0Merci d&rsquo;avoir \u00e9t\u00e9 pr\u00e9sents \u00e0 nos cot\u00e9s en cette p\u00e9riode de deuil. Du fond du coeur, nous vous adressons un grand merci. Encore merci pour notre maman.\u00a0\u00bb<\/span> <span style=\"color: #ff6600;\"><em>Famille Foyard<\/em><\/span><\/div><\/div><\/div><div class=\"swiper-slide\" data-style=\"width:100%;\" style=\"width:100%;\"><div class=\"sc_testimonial_item\"><div class=\"sc_testimonial_content\"><br \/>\n<span style=\"color: #000000;\">\u00ab\u00a0Toute ma famille vous remercie pour le service rendu, lors des obs\u00e8ques de mon \u00e9poux, M. Sadin Maurice.\u00a0\u00bb<\/span> <span style=\"color: #ff6600;\"><em>Famille Sadin<\/em><\/span><\/div><\/div><\/div><div class=\"swiper-slide\" data-style=\"width:100%;\" style=\"width:100%;\"><div class=\"sc_testimonial_item\"><div class=\"sc_testimonial_content\"><br \/>\n<span style=\"color: #000000;\">\u00ab\u00a0Nous souhaitons vous remercier pour votre prestation et votre accompagnement lors des obs\u00e8ques de Maman. Nous avons \u00e9t\u00e9 tr\u00e8s touch\u00e9s par la tr\u00e8s belle composition florale, Maman aimait tant les fleurs.\u00a0\u00bb<\/span> <span style=\"color: #ff6600;\"><em>Famille De Wolf<\/em><\/span><\/div><\/div><\/div><div class=\"swiper-slide\" data-style=\"width:100%;\" style=\"width:100%;\"><div class=\"sc_testimonial_item\"><div class=\"sc_testimonial_content\"><br \/>\n<span style=\"color: #000000;\">\u00ab\u00a0Nous tenions \u00e0 vous remercier pour votre grand professionnalisme, s\u00e9rieux et gentillesse. Merci \u00e0 l&rsquo;ensemble de votre \u00e9quipe qui nous a bien entour\u00e9s et permis d&rsquo;offrir des obs\u00e8ques d&rsquo;une grande dignit\u00e9 \u00e0 notre maman.\u00a0\u00bb\u00a0<\/span> <span style=\"color: #ff6600;\"><em>Famille Lory<\/em><\/span><\/div><\/div><\/div><div class=\"swiper-slide\" data-style=\"width:100%;\" style=\"width:100%;\"><div class=\"sc_testimonial_item\"><div class=\"sc_testimonial_content\"><br \/>\n<span style=\"color: #000000;\">\u00ab\u00a0Un grand grand merci \u00e0 Catherine pour son soutien et son r\u00e9confort, \u00e0 Bruno et Hugo dont la pr\u00e9sence m&rsquo;a particuli\u00e8rement \u00e9mue. Merci pour tout.\u00a0\u00bb<\/span> <span style=\"color: #ff6600;\"><em>Twiggy et la famille Camus<\/em><\/span><\/div><\/div><\/div><div class=\"swiper-slide\" data-style=\"width:100%;\" style=\"width:100%;\"><div class=\"sc_testimonial_item\"><div class=\"sc_testimonial_content\"><br \/>\n<span style=\"color: #000000;\">\u00ab\u00a0Merci \u00e0 toute votre \u00e9quipe pour l&rsquo;organisation des obs\u00e8ques de notre p\u00e8re.\u00a0\u00bb <span style=\"color: #ff6600;\"><em>Famille Havart<\/em><\/span><\/div><\/div><\/div><div class=\"swiper-slide\" data-style=\"width:100%;\" style=\"width:100%;\"><div class=\"sc_testimonial_item\"><div class=\"sc_testimonial_content\"><span style=\"color: #000000;\"><br \/>\n\u00ab\u00a0Merci pour votre accompagnement et l&rsquo;organisation des obs\u00e8ques de mon d\u00e9funt papa. Bien cordialement.\u00a0\u00bb <span style=\"color: #ff6600;\"><em>Famille Darcaigne<\/em><\/span><\/div><\/div><\/div><div class=\"swiper-slide\" data-style=\"width:100%;\" style=\"width:100%;\"><div class=\"sc_testimonial_item\"><div class=\"sc_testimonial_content\"><span style=\"color: #000000;\"><br \/>\n\u00ab\u00a0Nous vous remercions pour la qualit\u00e9 du service fun\u00e9raire lors des obs\u00e8ques de notre p\u00e8re et grand-p\u00e8re.\u00a0\u00bb <span style=\"color: #ff6600;\"><em>Famille Fr\u00e9naux<\/em><\/span><\/div><\/div><\/div><div class=\"swiper-slide\" data-style=\"width:100%;\" style=\"width:100%;\"><div class=\"sc_testimonial_item\"><div class=\"sc_testimonial_content\"><br \/>\n<span style=\"color: #000000;\">\u00ab\u00a0Je vous remercie pour votre gentillesse et tout particuli\u00e8rement \u00e0 votre fils Hugo, qui a \u00e9t\u00e9 bienveillant tout au long de la c\u00e9r\u00e9monie.\u00a0\u00bb\u00a0 <span style=\"color: #ff6600;\"><em>Mme Hochard<\/em><\/span><\/div><\/div><\/div><\/div><div class=\"sc_slider_controls_wrap\"><a class=\"sc_slider_prev\" href=\"#\"><\/a><a class=\"sc_slider_next\" href=\"#\"><\/a><\/div><\/div><\/div><\/div><\/div><\/div><div class=\"vc_row wpb_row vc_row-fluid\"><div class=\"wpb_column vc_column_container vc_col-sm-12\"><div class=\"vc_column-inner\"><div class=\"wpb_wrapper\">\n\t<div class=\"wpb_text_column wpb_content_element\" >\n\t\t<div class=\"wpb_wrapper\">\n\t\t\t<p><\/span><\/span><\/span><\/span><\/p>\n\n\t\t<\/div>\n\t<\/div>\n<\/div><\/div><\/div><\/div><div class=\"vc_row wpb_row vc_row-fluid\"><div class=\"wpb_column vc_column_container vc_col-sm-12\"><div class=\"vc_column-inner\"><div class=\"wpb_wrapper\"><div class=\"sc_section\"><div class=\"sc_content content_wrap\" data-animation=\"animated fadeInUp normal\" style=\"margin-top:1.8em !important;\"><h2 class=\"sc_title sc_title_regular sc_align_center fig_border\" style=\"text-align:center;\">Nos Services<\/h2><div class=\"columns_wrap sc_columns columns_nofluid sc_columns_count_5 history_service\" style=\"margin-bottom:5em;\"><div class=\"column-1_5 sc_column_item sc_column_item_1 odd first\"><figure class=\"sc_image  sc_image_shape_square\" style=\"width:11.866em;\"><div style=\"padding: 0.4em; padding-bottom: 0;\"><img decoding=\"async\" src=\"https:\/\/delormel-pompes-funebres-marbrerie.com\/wp-content\/uploads\/2015\/05\/Depositphotos_25370281_original.jpg?ver=1769436609\" alt=\"\" \/><\/div><\/figure>\n\t<div class=\"wpb_text_column wpb_content_element\" >\n\t\t<div class=\"wpb_wrapper\">\n\t\t\t<p style=\"text-align: center;\"><a href=\"https:\/\/delormel-pompes-funebres-marbrerie.com\/en\/pompes-funebres\/\">Organisation d&rsquo;obs\u00e8ques<\/a><\/p>\n\n\t\t<\/div>\n\t<\/div>\n<\/div><div class=\"column-1_5 sc_column_item sc_column_item_2 even\"><figure class=\"sc_image  sc_image_shape_square\" style=\"width:11.866em;\"><div style=\"padding: 0.4em; padding-bottom: 0;\"><img decoding=\"async\" src=\"https:\/\/delormel-pompes-funebres-marbrerie.com\/wp-content\/uploads\/2015\/04\/Depositphotos_12383716_original.jpg?ver=1769436842\" alt=\"\" \/><\/div><\/figure>\n\t<div class=\"wpb_text_column wpb_content_element\" >\n\t\t<div class=\"wpb_wrapper\">\n\t\t\t<p style=\"text-align: center;\"><a href=\"https:\/\/delormel-pompes-funebres-marbrerie.com\/en\/marbrerie-funeraire\/\">Marbrerie fun\u00e9raire<\/a><\/p>\n\n\t\t<\/div>\n\t<\/div>\n<\/div><div class=\"column-1_5 sc_column_item sc_column_item_3 odd\"><figure class=\"sc_image  sc_image_shape_square\" style=\"width:11.866em;\"><div style=\"padding: 0.4em; padding-bottom: 0;\"><img decoding=\"async\" src=\"https:\/\/delormel-pompes-funebres-marbrerie.com\/wp-content\/uploads\/2015\/05\/hands.jpg?ver=1769436957\" alt=\"\" \/><\/div><\/figure>\n\t<div class=\"wpb_text_column wpb_content_element\" >\n\t\t<div class=\"wpb_wrapper\">\n\t\t\t<p style=\"text-align: center;\"><a href=\"https:\/\/delormel-pompes-funebres-marbrerie.com\/en\/contrat-obseques\/\">Accompagnement<\/a><\/p>\n\n\t\t<\/div>\n\t<\/div>\n<\/div><div class=\"column-1_5 sc_column_item sc_column_item_4 even\"><figure class=\"sc_image  sc_image_shape_square\" style=\"width:11.866em;\"><div style=\"padding: 0.4em; padding-bottom: 0;\"><img decoding=\"async\" src=\"https:\/\/delormel-pompes-funebres-marbrerie.com\/wp-content\/uploads\/2020\/04\/Depositphotos_24646197_original.jpg\" alt=\"\" \/><\/div><\/figure>\n\t<div class=\"wpb_text_column wpb_content_element\" >\n\t\t<div class=\"wpb_wrapper\">\n\t\t\t<p style=\"text-align: center;\"><a href=\"https:\/\/delormel-pompes-funebres-marbrerie.com\/en\/blog\/\">N\u00e9crologie<\/a><\/p>\n\n\t\t<\/div>\n\t<\/div>\n<\/div><div class=\"column-1_5 sc_column_item sc_column_item_5 odd\"><figure class=\"sc_image  sc_image_shape_square\" style=\"width:11.866em;\"><div style=\"padding: 0.4em; padding-bottom: 0;\"><img decoding=\"async\" src=\"https:\/\/delormel-pompes-funebres-marbrerie.com\/wp-content\/uploads\/2015\/04\/Depositphotos_2822236_original.jpg?ver=1769437203\" alt=\"\" \/><\/div><\/figure>\n\t<div class=\"wpb_text_column wpb_content_element\" >\n\t\t<div class=\"wpb_wrapper\">\n\t\t\t<p style=\"text-align: center;\"><a href=\"https:\/\/delormel-pompes-funebres-marbrerie.com\/en\/galerie-photos\/\">Fleurs et pr\u00e9sents<\/a><\/p>\n\n\t\t<\/div>\n\t<\/div>\n<\/div><\/div><\/div><\/div><\/div><\/div><\/div><\/div><div class=\"vc_row wpb_row vc_row-fluid\"><div class=\"wpb_column vc_column_container vc_col-sm-12\"><div class=\"vc_column-inner\"><div class=\"wpb_wrapper\"><section class=\"vc_cta3-container\"><div class=\"vc_general vc_do_cta3 vc_cta3 vc_cta3-style-classic vc_cta3-shape-rounded vc_cta3-align-center vc_cta3-color-classic vc_cta3-icon-size-md vc_cta3-icons-bottom vc_cta3-actions-bottom\"><div class=\"vc_cta3_content-container\"><div class=\"vc_cta3-content\"><header class=\"vc_cta3-content-header\"><h2>Pour toute question<\/h2><\/header><\/div><div class=\"vc_cta3-actions\"><div class=\"vc_btn3-container vc_btn3-center vc_do_btn\" ><a class=\"vc_general vc_btn3 vc_btn3-size-md vc_btn3-shape-rounded vc_btn3-style-modern vc_btn3-color-orange\" href=\"https:\/\/delormel-pompes-funebres-marbrerie.com\/en\/contact\/\" title=\"Contactez nous\">Contactez nous<\/a><\/div><\/div><\/div><div class=\"vc_cta3-icons\"><div class=\"vc_icon_element vc_icon_element-outer vc_do_icon wpb_animate_when_almost_visible wpb_bounceIn bounceIn vc_icon_element-align-left\"><div class=\"vc_icon_element-inner vc_icon_element-color-orange vc_icon_element-size-md vc_icon_element-style- vc_icon_element-background-color-grey\" ><span class=\"vc_icon_element-icon vc-oi vc-oi-dial\" ><\/span><\/div><\/div><\/div><\/div><\/section><\/div><\/div><\/div><\/div>\n<\/div>","protected":false},"excerpt":{"rendered":"Remerciements \"Ma famille et moi souhaitons vous remercier pour votre intervention pour les obs\u00e8ques de mon p\u00e8re. Tout \u00e9tait parfait de la pr\u00e9paration \u00e0 l'ex\u00e9cution. Remerciez pour nous l'ensemble de l'\u00e9quipe.\"\u00a0Mme Joly \"Avec tous mes remerciements pour le s\u00e9rieux de votre \u00e9tablissement.\" Jean-Pierre Henniet \"Avec nos plus vifs remerciements \u00e0 vous et l'ensemble de votre [...]","protected":false},"author":1,"featured_media":0,"parent":0,"menu_order":0,"comment_status":"open","ping_status":"open","template":"","meta":{"footnotes":""},"class_list":["post-1233","page","type-page","status-publish","hentry"],"yoast_head":"<!-- This site is optimized with the Yoast SEO plugin v27.4 - https:\/\/yoast.com\/product\/yoast-seo-wordpress\/ -->\n<title>Remerciements - Pompes fun\u00e8bres Delormel &amp; fils - St Just en Chauss\u00e9e<\/title>\n<meta name=\"robots\" content=\"index, follow, max-snippet:-1, max-image-preview:large, max-video-preview:-1\" \/>\n<link rel=\"canonical\" href=\"https:\/\/delormel-pompes-funebres-marbrerie.com\/en\/remerciements\/\" \/>\n<meta property=\"og:locale\" content=\"en_GB\" \/>\n<meta property=\"og:type\" content=\"article\" \/>\n<meta property=\"og:title\" content=\"Remerciements - Pompes fun\u00e8bres Delormel &amp; fils - St Just en Chauss\u00e9e\" \/>\n<meta property=\"og:url\" content=\"https:\/\/delormel-pompes-funebres-marbrerie.com\/en\/remerciements\/\" \/>\n<meta property=\"og:site_name\" content=\"Pompes fun\u00e8bres Delormel &amp; fils - St Just en Chauss\u00e9e\" \/>\n<meta property=\"article:modified_time\" content=\"2026-01-27T19:41:37+00:00\" \/>\n<meta property=\"og:image\" content=\"https:\/\/delormel-pompes-funebres-marbrerie.com\/wp-content\/uploads\/2020\/03\/e6ecbd29337b4febbd3973c5fad1bc3e.jpg\" \/>\n\t<meta property=\"og:image:width\" content=\"437\" \/>\n\t<meta property=\"og:image:height\" content=\"291\" \/>\n\t<meta property=\"og:image:type\" content=\"image\/jpeg\" \/>\n<meta name=\"twitter:card\" content=\"summary_large_image\" \/>\n<meta name=\"twitter:label1\" content=\"Estimated reading time\" \/>\n\t<meta name=\"twitter:data1\" content=\"7 minutes\" \/>\n<script type=\"application\/ld+json\" class=\"yoast-schema-graph\">{\"@context\":\"https:\\\/\\\/schema.org\",\"@graph\":[{\"@type\":\"WebPage\",\"@id\":\"https:\\\/\\\/delormel-pompes-funebres-marbrerie.com\\\/remerciements\\\/\",\"url\":\"https:\\\/\\\/delormel-pompes-funebres-marbrerie.com\\\/remerciements\\\/\",\"name\":\"Remerciements - Pompes fun\u00e8bres Delormel &amp; fils - St Just en Chauss\u00e9e\",\"isPartOf\":{\"@id\":\"https:\\\/\\\/delormel-pompes-funebres-marbrerie.com\\\/#website\"},\"datePublished\":\"2015-06-05T10:55:45+00:00\",\"dateModified\":\"2026-01-27T19:41:37+00:00\",\"breadcrumb\":{\"@id\":\"https:\\\/\\\/delormel-pompes-funebres-marbrerie.com\\\/remerciements\\\/#breadcrumb\"},\"inLanguage\":\"en-GB\",\"potentialAction\":[{\"@type\":\"ReadAction\",\"target\":[\"https:\\\/\\\/delormel-pompes-funebres-marbrerie.com\\\/remerciements\\\/\"]}]},{\"@type\":\"BreadcrumbList\",\"@id\":\"https:\\\/\\\/delormel-pompes-funebres-marbrerie.com\\\/remerciements\\\/#breadcrumb\",\"itemListElement\":[{\"@type\":\"ListItem\",\"position\":1,\"name\":\"Accueil\",\"item\":\"https:\\\/\\\/delormel-pompes-funebres-marbrerie.com\\\/\"},{\"@type\":\"ListItem\",\"position\":2,\"name\":\"Remerciements\"}]},{\"@type\":\"WebSite\",\"@id\":\"https:\\\/\\\/delormel-pompes-funebres-marbrerie.com\\\/#website\",\"url\":\"https:\\\/\\\/delormel-pompes-funebres-marbrerie.com\\\/\",\"name\":\"Pompes fun\u00e8bres Delormel et fils\",\"description\":\"Pompes fun\u00e8bres et marbrerie fun\u00e9raire\",\"potentialAction\":[{\"@type\":\"SearchAction\",\"target\":{\"@type\":\"EntryPoint\",\"urlTemplate\":\"https:\\\/\\\/delormel-pompes-funebres-marbrerie.com\\\/?s={search_term_string}\"},\"query-input\":{\"@type\":\"PropertyValueSpecification\",\"valueRequired\":true,\"valueName\":\"search_term_string\"}}],\"inLanguage\":\"en-GB\"}]}<\/script>\n<!-- \/ Yoast SEO plugin. -->","yoast_head_json":{"title":"Remerciements - Pompes fun\u00e8bres Delormel &amp; fils - St Just en Chauss\u00e9e","robots":{"index":"index","follow":"follow","max-snippet":"max-snippet:-1","max-image-preview":"max-image-preview:large","max-video-preview":"max-video-preview:-1"},"canonical":"https:\/\/delormel-pompes-funebres-marbrerie.com\/en\/remerciements\/","og_locale":"en_GB","og_type":"article","og_title":"Remerciements - Pompes fun\u00e8bres Delormel &amp; fils - St Just en Chauss\u00e9e","og_url":"https:\/\/delormel-pompes-funebres-marbrerie.com\/en\/remerciements\/","og_site_name":"Pompes fun\u00e8bres Delormel &amp; fils - St Just en Chauss\u00e9e","article_modified_time":"2026-01-27T19:41:37+00:00","og_image":[{"width":437,"height":291,"url":"https:\/\/delormel-pompes-funebres-marbrerie.com\/wp-content\/uploads\/2020\/03\/e6ecbd29337b4febbd3973c5fad1bc3e.jpg","type":"image\/jpeg"}],"twitter_card":"summary_large_image","twitter_misc":{"Estimated reading time":"7 minutes"},"schema":{"@context":"https:\/\/schema.org","@graph":[{"@type":"WebPage","@id":"https:\/\/delormel-pompes-funebres-marbrerie.com\/remerciements\/","url":"https:\/\/delormel-pompes-funebres-marbrerie.com\/remerciements\/","name":"Remerciements - Pompes fun\u00e8bres Delormel &amp; fils - St Just en Chauss\u00e9e","isPartOf":{"@id":"https:\/\/delormel-pompes-funebres-marbrerie.com\/#website"},"datePublished":"2015-06-05T10:55:45+00:00","dateModified":"2026-01-27T19:41:37+00:00","breadcrumb":{"@id":"https:\/\/delormel-pompes-funebres-marbrerie.com\/remerciements\/#breadcrumb"},"inLanguage":"en-GB","potentialAction":[{"@type":"ReadAction","target":["https:\/\/delormel-pompes-funebres-marbrerie.com\/remerciements\/"]}]},{"@type":"BreadcrumbList","@id":"https:\/\/delormel-pompes-funebres-marbrerie.com\/remerciements\/#breadcrumb","itemListElement":[{"@type":"ListItem","position":1,"name":"Accueil","item":"https:\/\/delormel-pompes-funebres-marbrerie.com\/"},{"@type":"ListItem","position":2,"name":"Remerciements"}]},{"@type":"WebSite","@id":"https:\/\/delormel-pompes-funebres-marbrerie.com\/#website","url":"https:\/\/delormel-pompes-funebres-marbrerie.com\/","name":"Pompes fun\u00e8bres Delormel et fils","description":"Pompes fun\u00e8bres et marbrerie fun\u00e9raire","potentialAction":[{"@type":"SearchAction","target":{"@type":"EntryPoint","urlTemplate":"https:\/\/delormel-pompes-funebres-marbrerie.com\/?s={search_term_string}"},"query-input":{"@type":"PropertyValueSpecification","valueRequired":true,"valueName":"search_term_string"}}],"inLanguage":"en-GB"}]}},"_links":{"self":[{"href":"https:\/\/delormel-pompes-funebres-marbrerie.com\/en\/wp-json\/wp\/v2\/pages\/1233","targetHints":{"allow":["GET"]}}],"collection":[{"href":"https:\/\/delormel-pompes-funebres-marbrerie.com\/en\/wp-json\/wp\/v2\/pages"}],"about":[{"href":"https:\/\/delormel-pompes-funebres-marbrerie.com\/en\/wp-json\/wp\/v2\/types\/page"}],"author":[{"embeddable":true,"href":"https:\/\/delormel-pompes-funebres-marbrerie.com\/en\/wp-json\/wp\/v2\/users\/1"}],"replies":[{"embeddable":true,"href":"https:\/\/delormel-pompes-funebres-marbrerie.com\/en\/wp-json\/wp\/v2\/comments?post=1233"}],"version-history":[{"count":55,"href":"https:\/\/delormel-pompes-funebres-marbrerie.com\/en\/wp-json\/wp\/v2\/pages\/1233\/revisions"}],"predecessor-version":[{"id":4694,"href":"https:\/\/delormel-pompes-funebres-marbrerie.com\/en\/wp-json\/wp\/v2\/pages\/1233\/revisions\/4694"}],"wp:attachment":[{"href":"https:\/\/delormel-pompes-funebres-marbrerie.com\/en\/wp-json\/wp\/v2\/media?parent=1233"}],"curies":[{"name":"wp","href":"https:\/\/api.w.org\/{rel}","templated":true}]}}